{"id":5213,"date":"2024-11-18T18:12:39","date_gmt":"2024-11-18T17:12:39","guid":{"rendered":"https:\/\/lancet-chelm.pl\/?page_id=5213"},"modified":"2025-02-05T22:04:50","modified_gmt":"2025-02-05T21:04:50","slug":"mgr-arleta-sawicka","status":"publish","type":"page","link":"https:\/\/lancet-chelm.pl\/?page_id=5213","title":{"rendered":"mgr Arleta Sawicka"},"content":{"rendered":"<div id=\"pl-5213\"  class=\"panel-layout\" ><div id=\"pg-5213-0\"  class=\"panel-grid panel-no-style\" ><div id=\"pgc-5213-0-0\"  class=\"panel-grid-cell\" ><div id=\"panel-5213-0-0-0\" class=\"so-panel widget widget_sow-editor panel-first-child\" data-index=\"0\" ><div\n\t\t\t\n\t\t\tclass=\"so-widget-sow-editor so-widget-sow-editor-base\"\n\t\t\t\n\t\t>\n<div class=\"siteorigin-widget-tinymce textwidget\">\n\t<h2>mgr Arleta Sawicka<\/h2>\n<\/div>\n<\/div><\/div><div id=\"panel-5213-0-0-1\" class=\"so-panel widget widget_sow-editor\" data-index=\"1\" ><div\n\t\t\t\n\t\t\tclass=\"so-widget-sow-editor so-widget-sow-editor-base\"\n\t\t\t\n\t\t>\n<div class=\"siteorigin-widget-tinymce textwidget\">\n\t<p>Jest absolwentk\u0105 studi\u00f3w piel\u0119gniarskich I stopnia w PANS w Che\u0142mie oraz II stopnia w WSEI w Lublinie. To specjalistka z zakresu piel\u0119gniarstwa anestezjologicznego i intensywnej opieki. Wiedz\u0119 i do\u015bwiadczenie zdobywa\u0142a na Oddziale Urazowo-Ortopedycznym SPWSzS w Che\u0142mie oraz na licznych kursach i konferencjach, w tym kursie \"Leczenie ran dla piel\u0119gniarek\".&nbsp; Jest r\u00f3wnie\u017c cz\u0142onkiem Polskiego Towarzystwa Leczenia Ran.<\/p>\n<\/div>\n<\/div><\/div><div id=\"panel-5213-0-0-2\" class=\"so-panel widget widget_sow-editor panel-last-child\" data-index=\"2\" ><div\n\t\t\t\n\t\t\tclass=\"so-widget-sow-editor so-widget-sow-editor-base\"\n\t\t\t\n\t\t>\n<div class=\"siteorigin-widget-tinymce textwidget\">\n\t<p>W Gabinecie Leczenia Ran Arleta zapewnia:<\/p>\n<ul>\n<li>specjalistyczne metody leczenia ran, takie jak terapia podci\u015bnieniowa, larwoterapia oraz stosowanie specjalistycznych opatrunk\u00f3w;<\/li>\n<li>kompleksowe podej\u015bcie, uwzgl\u0119dniaj\u0105ce zar\u00f3wno sam\u0105 ran\u0119, jak i przyczyny jej powstania;<\/li>\n<li>indywidualnie dobran\u0105 terapi\u0119, uwzgl\u0119dniaj\u0105c\u0105 specyficzne potrzeby pacjenta;<\/li>\n<li>\u015bwie\u017ce spojrzenie na problem, kt\u00f3re pozwala na dob\u00f3r nowych i skutecznych metod leczenia.<\/li>\n<\/ul>\n<p>Osobiste zaanga\u017cowanie w leczenie ran<br \/>Arleta Sawicka z pasj\u0105 prowadzi Gabinet Leczenia Ran. Jej zainteresowanie t\u0105 dziedzin\u0105 zrodzi\u0142o si\u0119 z osobistych do\u015bwiadcze\u0144 ? bliska osoba w jej rodzinie zmaga\u0142a si\u0119 z przewlek\u0142ymi ranami, co pozwoli\u0142o Arlecie dog\u0142\u0119bnie zrozumie\u0107 trudno\u015bci \u017cycia z takim problemem. Od lat poszerza swoj\u0105 wiedz\u0119 i umiej\u0119tno\u015bci, by zapewnia\u0107 pacjentom najwy\u017cszy poziom opieki dostosowany do ich indywidualnych potrzeb.<\/p>\n<p>Arleta stosuje nowoczesne metody, takie jak terapia podci\u015bnieniowa, larwoterapia i specjalistyczne opatrunki, dobierane indywidualnie do stanu i potrzeb pacjenta. Zawsze podchodzi do problemu ze \u015bwie\u017cym spojrzeniem i wie, \u017ce wielu pacjent\u00f3w traci nadziej\u0119 po wcze\u015bniejszych, nieskutecznych pr\u00f3bach leczenia. Wierzy, \u017ce skuteczne leczenie wymaga uwa\u017cno\u015bci, determinacji oraz otwarto\u015bci na nowe rozwi\u0105zania. Jej celem jest nie tylko ca\u0142kowite wyleczenie rany, ale tak\u017ce zarz\u0105dzanie ni\u0105 w spos\u00f3b, kt\u00f3ry wp\u0142ywa na popraw\u0119 jako\u015bci \u017cycia pacjenta.<\/p>\n<p>Ka\u017cdy przypadek traktuje indywidualnie, widzi w nim nie tylko ran\u0119, ale i histori\u0119 pacjenta, kt\u00f3ra uczy pokory. Arleta dok\u0142ada wszelkich stara\u0144, by zapewni\u0107 pacjentom komfort i wsparcie w procesie zdrowienia.<\/p>\n<\/div>\n<\/div><\/div><\/div><div id=\"pgc-5213-0-1\"  class=\"panel-grid-cell\" ><div id=\"panel-5213-0-1-0\" class=\"so-panel widget widget_sow-image panel-first-child\" data-index=\"3\" ><div\n\t\t\t\n\t\t\tclass=\"so-widget-sow-image so-widget-sow-image-default-8b5b6f678277-5213\"\n\t\t\t\n\t\t>\n<div class=\"sow-image-container\">\n\t\t<img \n\tsrc=\"https:\/\/lancet-chelm.pl\/wp-content\/uploads\/2025\/02\/mgr-Arleta-Sawicka.jpg\" width=\"492\" height=\"738\" srcset=\"https:\/\/lancet-chelm.pl\/wp-content\/uploads\/2025\/02\/mgr-Arleta-Sawicka.jpg 492w, https:\/\/lancet-chelm.pl\/wp-content\/uploads\/2025\/02\/mgr-Arleta-Sawicka-200x300.jpg 200w\" sizes=\"(max-width: 492px) 100vw, 492px\" title=\"mgr Arleta Sawicka\" alt=\"\" \t\tclass=\"so-widget-image\"\/>\n\t<\/div>\n\n<\/div><\/div><div id=\"panel-5213-0-1-1\" class=\"so-panel widget widget_sow-editor panel-last-child\" data-index=\"4\" ><div\n\t\t\t\n\t\t\tclass=\"so-widget-sow-editor so-widget-sow-editor-base\"\n\t\t\t\n\t\t>\n<div class=\"siteorigin-widget-tinymce textwidget\">\n\t<p style=\"text-align: center;\"><strong><span style=\"color: #003300;\">E-mail:<\/span> <span style=\"color: #339966;\"><a style=\"color: #339966;\" href=\"mailto:asawicka@lancet-chelm.pl\">asawicka@lancet-chelm.pl<\/a><\/span><\/strong><\/p>\n<\/div>\n<\/div><\/div><\/div><\/div><div id=\"pg-5213-1\"  class=\"panel-grid panel-no-style\" ><div id=\"pgc-5213-1-0\"  class=\"panel-grid-cell\" ><div id=\"panel-5213-1-0-0\" class=\"so-panel widget widget_medical_circle_posts_col panel-first-child panel-last-child\" data-index=\"5\" >            <section id=\"medical_circle_posts_col-9\" class=\"at-widgets acme-col-posts at-gray-bg\">\n                <div class=\"container\">\n\t                                    <div class=\"row\">\n                                                        <div class=\"blog-item-wrapper init-animate fadeIn col-sm-12 col-md-4\">\n                                    <article id=\"post-5461\" class=\"init-animate post-5461 post type-post status-publish format-standard has-post-thumbnail hentry category-arleta category-news category-rana category-travel\">\n                                        <div class=\"content-wrapper\">\n                                            <div class=\"image-wrap\">\n\t\t\t\t                                                                                    <!--post thumbnal options-->\n                                                    <div class=\"post-thumb\">\n                                                                                                                <a href=\"https:\/\/lancet-chelm.pl\/?p=5461\">\n\t\t                                                    <img loading=\"lazy\" decoding=\"async\" width=\"640\" height=\"480\" src=\"https:\/\/lancet-chelm.pl\/wp-content\/uploads\/2025\/04\/komp_01.jpg\" class=\"attachment-large size-large wp-post-image\" alt=\"\" srcset=\"https:\/\/lancet-chelm.pl\/wp-content\/uploads\/2025\/04\/komp_01.jpg 800w, https:\/\/lancet-chelm.pl\/wp-content\/uploads\/2025\/04\/komp_01-300x225.jpg 300w, https:\/\/lancet-chelm.pl\/wp-content\/uploads\/2025\/04\/komp_01-768x576.jpg 768w\" sizes=\"auto, (max-width: 640px) 100vw, 640px\" \/>                                                        <\/a>\n                                                        \n                                                    <\/div><!-- .post-thumb-->\n\t\t\t\t\t                                                                                    <header class=\"entry-header \">\n                                                        <div class=\"entry-meta\">\n                                                                                                                        <a href=\"https:\/\/lancet-chelm.pl\/?p=5461\">\n\t\t                                                                                                                        <span class=\"day-month\">\n                                                                    <span class=\"day\">\n                                                                        11                                                                    <\/span>\n                                                                <\/span>\n                                                                <span class=\"year\"><!--editing code? don't be confused it is actually month-->\n\t\t\t\t\t\t\t\t\t                                kwi                                                                <\/span>\n                                                                                                                        <\/a>\n                                                                                                                    <\/div><!-- .entry-meta -->\n                                                    <\/header><!-- .entry-header -->\n\t\t\t\t\t                                                                            <\/div>\n                                            <div class=\"entry-content \">\n                                                <div class=\"entry-header-title\">\n                                                    <h2 class=\"entry-title\">\n\t                                                                                                    <a title=\"Akademia Kompresjoterapii 2025\" href=\"https:\/\/lancet-chelm.pl\/?p=5461\">\n\t\t                                                Akademia Kompresjoterapii 2025                                                    <\/a>\n                                                                                                        <\/h2>\n                                                <\/div>\n                                                <footer class=\"entry-footer\">\n\t\t\t\t\t                                                                                <\/footer><!-- .entry-footer -->\n\t\t\t\t                                <p>W dniach 4-5 kwietnia 2025 r. mgr Arleta Sawicka uczestniczy\u0142a w Akademii Kompresjoterapii \u2013 zaawansowanym szkoleniu z zakresu leczenia uciskowego. G\u0142\u00f3wnym wyk\u0142adowc\u0105 by\u0142 dr n. med. Przemys\u0142aw Lipi\u0144ski, ekspert w...<\/p>                                                    <a class=\"btn btn-primary\" href=\"https:\/\/lancet-chelm.pl\/?p=5461 \">\n\t\t\t\t\t\t                                Czytaj wi\u0119cej                                                    <\/a>\n\t\t\t\t\t                                                                            <\/div><!-- .entry-content -->\n                                        <\/div>\n                                    <\/article><!-- #post-## -->\n                                <\/div>\n                                                                <div class=\"blog-item-wrapper init-animate fadeIn col-sm-12 col-md-4 col-sm-12 col-md-4\">\n                                    <article id=\"post-5258\" class=\"init-animate post-5258 post type-post status-publish format-standard has-post-thumbnail hentry category-arleta category-rana category-travel\">\n                                        <div class=\"content-wrapper\">\n                                            <div class=\"image-wrap\">\n\t\t\t\t                                                                                    <!--post thumbnal options-->\n                                                    <div class=\"post-thumb\">\n                                                                                                                <a href=\"https:\/\/lancet-chelm.pl\/?p=5258\">\n\t\t                                                    <img loading=\"lazy\" decoding=\"async\" width=\"640\" height=\"480\" src=\"https:\/\/lancet-chelm.pl\/wp-content\/uploads\/2024\/11\/larwy_2024_-4.jpg\" class=\"attachment-large size-large wp-post-image\" alt=\"\" srcset=\"https:\/\/lancet-chelm.pl\/wp-content\/uploads\/2024\/11\/larwy_2024_-4.jpg 880w, https:\/\/lancet-chelm.pl\/wp-content\/uploads\/2024\/11\/larwy_2024_-4-300x225.jpg 300w, https:\/\/lancet-chelm.pl\/wp-content\/uploads\/2024\/11\/larwy_2024_-4-768x576.jpg 768w\" sizes=\"auto, (max-width: 640px) 100vw, 640px\" \/>                                                        <\/a>\n                                                        \n                                                    <\/div><!-- .post-thumb-->\n\t\t\t\t\t                                                                                    <header class=\"entry-header \">\n                                                        <div class=\"entry-meta\">\n                                                                                                                        <a href=\"https:\/\/lancet-chelm.pl\/?p=5258\">\n\t\t                                                                                                                        <span class=\"day-month\">\n                                                                    <span class=\"day\">\n                                                                        28                                                                    <\/span>\n                                                                <\/span>\n                                                                <span class=\"year\"><!--editing code? don't be confused it is actually month-->\n\t\t\t\t\t\t\t\t\t                                lis                                                                <\/span>\n                                                                                                                        <\/a>\n                                                                                                                    <\/div><!-- .entry-meta -->\n                                                    <\/header><!-- .entry-header -->\n\t\t\t\t\t                                                                            <\/div>\n                                            <div class=\"entry-content \">\n                                                <div class=\"entry-header-title\">\n                                                    <h2 class=\"entry-title\">\n\t                                                                                                    <a title=\"Larwy w Krakowie 2024\" href=\"https:\/\/lancet-chelm.pl\/?p=5258\">\n\t\t                                                Larwy w Krakowie 2024                                                    <\/a>\n                                                                                                        <\/h2>\n                                                <\/div>\n                                                <footer class=\"entry-footer\">\n\t\t\t\t\t                                                                                <\/footer><!-- .entry-footer -->\n\t\t\t\t                                <p>Mgr Arleta Sawicka 23 listopada 2024roku uczestniczy\u0142a w Krakowie w konferencji &quot;Larwoterapia w praktyce&quot; dotycz\u0105cej teoretycznych podstaw, praktycznych zastosowa\u0144 oraz ciekawostek w terapii larwalnej ran. Jednym z g\u0142\u00f3wnych prowadz\u0105cych by\u0142...<\/p>                                                    <a class=\"btn btn-primary\" href=\"https:\/\/lancet-chelm.pl\/?p=5258 \">\n\t\t\t\t\t\t                                Czytaj wi\u0119cej                                                    <\/a>\n\t\t\t\t\t                                                                            <\/div><!-- .entry-content -->\n                                        <\/div>\n                                    <\/article><!-- #post-## -->\n                                <\/div>\n                                                                <div class=\"blog-item-wrapper init-animate fadeIn col-sm-12 col-md-4 col-sm-12 col-md-4 col-sm-12 col-md-4\">\n                                    <article id=\"post-5228\" class=\"init-animate post-5228 post type-post status-publish format-standard has-post-thumbnail hentry category-lancet category-arleta category-rana\">\n                                        <div class=\"content-wrapper\">\n                                            <div class=\"image-wrap\">\n\t\t\t\t                                                                                    <!--post thumbnal options-->\n                                                    <div class=\"post-thumb\">\n                                                                                                                <a href=\"https:\/\/lancet-chelm.pl\/?p=5228\">\n\t\t                                                    <img loading=\"lazy\" decoding=\"async\" width=\"640\" height=\"480\" src=\"https:\/\/lancet-chelm.pl\/wp-content\/uploads\/2024\/11\/Rana_main.jpg\" class=\"attachment-large size-large wp-post-image\" alt=\"\" srcset=\"https:\/\/lancet-chelm.pl\/wp-content\/uploads\/2024\/11\/Rana_main.jpg 800w, https:\/\/lancet-chelm.pl\/wp-content\/uploads\/2024\/11\/Rana_main-300x225.jpg 300w, https:\/\/lancet-chelm.pl\/wp-content\/uploads\/2024\/11\/Rana_main-768x576.jpg 768w\" sizes=\"auto, (max-width: 640px) 100vw, 640px\" \/>                                                        <\/a>\n                                                        \n                                                    <\/div><!-- .post-thumb-->\n\t\t\t\t\t                                                                                    <header class=\"entry-header \">\n                                                        <div class=\"entry-meta\">\n                                                                                                                        <a href=\"https:\/\/lancet-chelm.pl\/?p=5228\">\n\t\t                                                                                                                        <span class=\"day-month\">\n                                                                    <span class=\"day\">\n                                                                        18                                                                    <\/span>\n                                                                <\/span>\n                                                                <span class=\"year\"><!--editing code? don't be confused it is actually month-->\n\t\t\t\t\t\t\t\t\t                                lis                                                                <\/span>\n                                                                                                                        <\/a>\n                                                                                                                    <\/div><!-- .entry-meta -->\n                                                    <\/header><!-- .entry-header -->\n\t\t\t\t\t                                                                            <\/div>\n                                            <div class=\"entry-content \">\n                                                <div class=\"entry-header-title\">\n                                                    <h2 class=\"entry-title\">\n\t                                                                                                    <a title=\"Leczenie ran w Lancecie\" href=\"https:\/\/lancet-chelm.pl\/?p=5228\">\n\t\t                                                Leczenie ran w Lancecie                                                    <\/a>\n                                                                                                        <\/h2>\n                                                <\/div>\n                                                <footer class=\"entry-footer\">\n\t\t\t\t\t                                                                                <\/footer><!-- .entry-footer -->\n\t\t\t\t                                <p>Leczenie trudnych ran w przychodni Lancet prowadzi od pa\u017adziernika mgr Arleta Sawicka. Czy czujesz si\u0119 zm\u0119czony ci\u0105g\u0142\u0105 walk\u0105 z ran\u0105, kt\u00f3ra nie chce si\u0119 goi\u0107? A mo\u017ce tracisz nadziej\u0119, gdy...<\/p>                                                    <a class=\"btn btn-primary\" href=\"https:\/\/lancet-chelm.pl\/?p=5228 \">\n\t\t\t\t\t\t                                Czytaj wi\u0119cej                                                    <\/a>\n\t\t\t\t\t                                                                            <\/div><!-- .entry-content -->\n                                        <\/div>\n                                    <\/article><!-- #post-## -->\n                                <\/div>\n                                <div class='clearfix'><\/div>                    <\/div><!--row-->\n                                    <\/div>\n            <\/section>\n            <\/div><\/div><\/div><div id=\"pg-5213-2\"  class=\"panel-grid panel-no-style\" ><div id=\"pgc-5213-2-0\"  class=\"panel-grid-cell\" ><div id=\"panel-5213-2-0-0\" class=\"so-panel widget widget_sow-editor panel-first-child panel-last-child\" data-index=\"6\" ><div\n\t\t\t\n\t\t\tclass=\"so-widget-sow-editor so-widget-sow-editor-base\"\n\t\t\t\n\t\t>\n<div class=\"siteorigin-widget-tinymce textwidget\">\n\t<p><!-- wp:gutentor\/advanced-import {\"blockID\":\"g-2m6s2m8\"} \/--><\/p>\n<\/div>\n<\/div><\/div><\/div><\/div><\/div>","protected":false},"excerpt":{"rendered":"<p>mgr Arleta Sawicka Jest absolwentk\u0105 studi\u00f3w piel\u0119gniarskich I stopnia w PANS w Che\u0142mie oraz II stopnia w WSEI w Lublinie. To specjalistka z zakresu piel\u0119gniarstwa anestezjologicznego i intensywnej opieki. Wiedz\u0119 i do\u015bwiadczenie zdobywa\u0142a na Oddziale Urazowo-Ortopedycznym SPWSzS w Che\u0142mie oraz na licznych kursach i konferencjach, w tym kursie &#8222;Leczenie ran dla piel\u0119gniarek&#8221;.&nbsp; Jest r\u00f3wnie\u017c cz\u0142onkiem&hellip;<\/p>\n","protected":false},"author":1,"featured_media":5328,"parent":233,"menu_order":0,"comment_status":"closed","ping_status":"closed","template":"","meta":{"footnotes":""},"class_list":["post-5213","page","type-page","status-publish","has-post-thumbnail","hentry"],"_links":{"self":[{"href":"https:\/\/lancet-chelm.pl\/index.php?rest_route=\/wp\/v2\/pages\/5213","targetHints":{"allow":["GET"]}}],"collection":[{"href":"https:\/\/lancet-chelm.pl\/index.php?rest_route=\/wp\/v2\/pages"}],"about":[{"href":"https:\/\/lancet-chelm.pl\/index.php?rest_route=\/wp\/v2\/types\/page"}],"author":[{"embeddable":true,"href":"https:\/\/lancet-chelm.pl\/index.php?rest_route=\/wp\/v2\/users\/1"}],"replies":[{"embeddable":true,"href":"https:\/\/lancet-chelm.pl\/index.php?rest_route=%2Fwp%2Fv2%2Fcomments&post=5213"}],"version-history":[{"count":11,"href":"https:\/\/lancet-chelm.pl\/index.php?rest_route=\/wp\/v2\/pages\/5213\/revisions"}],"predecessor-version":[{"id":5346,"href":"https:\/\/lancet-chelm.pl\/index.php?rest_route=\/wp\/v2\/pages\/5213\/revisions\/5346"}],"up":[{"embeddable":true,"href":"https:\/\/lancet-chelm.pl\/index.php?rest_route=\/wp\/v2\/pages\/233"}],"wp:featuredmedia":[{"embeddable":true,"href":"https:\/\/lancet-chelm.pl\/index.php?rest_route=\/wp\/v2\/media\/5328"}],"wp:attachment":[{"href":"https:\/\/lancet-chelm.pl\/index.php?rest_route=%2Fwp%2Fv2%2Fmedia&parent=5213"}],"curies":[{"name":"wp","href":"https:\/\/api.w.org\/{rel}","templated":true}]}}